{"id":492,"date":"2025-08-19T15:08:35","date_gmt":"2025-08-19T15:08:35","guid":{"rendered":"https:\/\/clerita.ee\/?page_id=492"},"modified":"2026-08-19T13:10:08","modified_gmt":"2026-08-19T13:10:08","slug":"rahvusvahelised-kogemused-ja-projektitoo","status":"publish","type":"page","link":"https:\/\/clerita.ee\/en\/rahvusvahelised-kogemused-ja-projektitoo\/","title":{"rendered":"International Experiences and Projects"},"content":{"rendered":"<div class=\"wp-block-group\"><div class=\"wp-block-group__inner-container is-layout-constrained wp-block-group-is-layout-constrained\">\n<div class=\"wp-block-columns is-layout-flex wp-container-core-columns-is-layout-8f761849 wp-block-columns-is-layout-flex\">\n<div class=\"wp-block-column is-layout-flow wp-block-column-is-layout-flow\" style=\"flex-basis:100%\">\n<p class=\"wp-block-paragraph\"><strong>Erasmus+ thematic seminar \u201cActive Bodies=Active Minds\u201d (Vilnius, September 2025)<\/strong><\/p>\n\n\n\n<p class=\"wp-block-paragraph\"><\/p>\n\n\n\n<p class=\"wp-block-paragraph\">The international seminar focused on integrating physical activity into the learning process. An international seminar aimed at raising awareness of the positive impact of movement on learning, sharing good practices, \nand promoting international cooperation within the Erasmus+ programme. During the event, new contacts were established, movement-based teaching methods were explored, and participants joined a collective activity - Erasmus+ Run (5 km) as part of the Vilnius Marathon. The seminar offered valuable experience and inspiration on how to bring more physical activity into education and strengthen its role in everyday teaching.<\/p>\n\n\n\n<p class=\"wp-block-paragraph\"><em>More captures: <a href=\"https:\/\/www.facebook.com\/ErasmusPliusLietuva\/\">https:\/\/www.facebook.com\/ErasmusPliusLietuva\/<\/a><\/em><\/p>\n<\/div>\n<\/div>\n<\/div><\/div>\n\n\n\n<figure class=\"wp-block-gallery has-nested-images columns-default is-cropped wp-block-gallery-1 is-layout-flex wp-block-gallery-is-layout-flex\">\n<figure class=\"wp-block-image size-large\"><img loading=\"lazy\" decoding=\"async\" width=\"1024\" height=\"768\" data-id=\"627\" src=\"https:\/\/clerita.ee\/wp-content\/uploads\/2025\/09\/1758181912181-2-1024x768.jpg\" alt=\"\" class=\"wp-image-627\" srcset=\"https:\/\/clerita.ee\/wp-content\/uploads\/2025\/09\/1758181912181-2-1024x768.jpg 1024w, https:\/\/clerita.ee\/wp-content\/uploads\/2025\/09\/1758181912181-2-300x225.jpg 300w, https:\/\/clerita.ee\/wp-content\/uploads\/2025\/09\/1758181912181-2-768x576.jpg 768w, https:\/\/clerita.ee\/wp-content\/uploads\/2025\/09\/1758181912181-2-1536x1152.jpg 1536w, https:\/\/clerita.ee\/wp-content\/uploads\/2025\/09\/1758181912181-2-2048x1536.jpg 2048w, https:\/\/clerita.ee\/wp-content\/uploads\/2025\/09\/1758181912181-2-16x12.jpg 16w\" sizes=\"auto, (max-width: 706px) 89vw, (max-width: 767px) 82vw, 740px\" \/><\/figure>\n\n\n\n<figure class=\"wp-block-image size-large\"><img loading=\"lazy\" decoding=\"async\" width=\"1024\" height=\"768\" data-id=\"628\" src=\"https:\/\/clerita.ee\/wp-content\/uploads\/2025\/09\/1758181912207-2-1024x768.jpg\" alt=\"\" class=\"wp-image-628\" srcset=\"https:\/\/clerita.ee\/wp-content\/uploads\/2025\/09\/1758181912207-2-1024x768.jpg 1024w, https:\/\/clerita.ee\/wp-content\/uploads\/2025\/09\/1758181912207-2-300x225.jpg 300w, https:\/\/clerita.ee\/wp-content\/uploads\/2025\/09\/1758181912207-2-768x576.jpg 768w, https:\/\/clerita.ee\/wp-content\/uploads\/2025\/09\/1758181912207-2-1536x1152.jpg 1536w, https:\/\/clerita.ee\/wp-content\/uploads\/2025\/09\/1758181912207-2-2048x1536.jpg 2048w, https:\/\/clerita.ee\/wp-content\/uploads\/2025\/09\/1758181912207-2-16x12.jpg 16w\" sizes=\"auto, (max-width: 706px) 89vw, (max-width: 767px) 82vw, 740px\" \/><\/figure>\n\n\n\n<figure class=\"wp-block-image size-large\"><img loading=\"lazy\" decoding=\"async\" width=\"953\" height=\"635\" data-id=\"629\" src=\"https:\/\/clerita.ee\/wp-content\/uploads\/2025\/09\/1758183174899-3-edited.jpg\" alt=\"\" class=\"wp-image-629\" srcset=\"https:\/\/clerita.ee\/wp-content\/uploads\/2025\/09\/1758183174899-3-edited.jpg 953w, https:\/\/clerita.ee\/wp-content\/uploads\/2025\/09\/1758183174899-3-edited-300x200.jpg 300w, https:\/\/clerita.ee\/wp-content\/uploads\/2025\/09\/1758183174899-3-edited-768x512.jpg 768w, https:\/\/clerita.ee\/wp-content\/uploads\/2025\/09\/1758183174899-3-edited-18x12.jpg 18w\" sizes=\"auto, (max-width: 706px) 89vw, (max-width: 767px) 82vw, 740px\" \/><\/figure>\n<\/figure>\n\n\n\n<figure class=\"wp-block-image is-resized\"><img loading=\"lazy\" decoding=\"async\" width=\"632\" height=\"1024\" src=\"https:\/\/clerita.ee\/wp-content\/uploads\/2025\/09\/1758181912228-1-632x1024.jpeg\" alt=\"\" class=\"wp-image-572\" style=\"aspect-ratio:0.6171787518776458;width:159px;height:auto\" srcset=\"https:\/\/clerita.ee\/wp-content\/uploads\/2025\/09\/1758181912228-1-632x1024.jpeg 632w, https:\/\/clerita.ee\/wp-content\/uploads\/2025\/09\/1758181912228-1-185x300.jpeg 185w, https:\/\/clerita.ee\/wp-content\/uploads\/2025\/09\/1758181912228-1-7x12.jpeg 7w, https:\/\/clerita.ee\/wp-content\/uploads\/2025\/09\/1758181912228-1.jpeg 720w\" sizes=\"auto, (max-width: 632px) 100vw, 632px\" \/><\/figure>\n\n\n\n<figure class=\"wp-block-image size-large is-resized\"><img loading=\"lazy\" decoding=\"async\" width=\"1024\" height=\"234\" src=\"https:\/\/clerita.ee\/wp-content\/uploads\/2025\/09\/ET-Kaasrahastanud-Euroopa-Liit_PANTONE-2-1024x234.jpg\" alt=\"\" class=\"wp-image-637\" style=\"aspect-ratio:4.376623376623376;width:309px;height:auto\" srcset=\"https:\/\/clerita.ee\/wp-content\/uploads\/2025\/09\/ET-Kaasrahastanud-Euroopa-Liit_PANTONE-2-1024x234.jpg 1024w, https:\/\/clerita.ee\/wp-content\/uploads\/2025\/09\/ET-Kaasrahastanud-Euroopa-Liit_PANTONE-2-300x69.jpg 300w, https:\/\/clerita.ee\/wp-content\/uploads\/2025\/09\/ET-Kaasrahastanud-Euroopa-Liit_PANTONE-2-768x176.jpg 768w, https:\/\/clerita.ee\/wp-content\/uploads\/2025\/09\/ET-Kaasrahastanud-Euroopa-Liit_PANTONE-2-1536x351.jpg 1536w, https:\/\/clerita.ee\/wp-content\/uploads\/2025\/09\/ET-Kaasrahastanud-Euroopa-Liit_PANTONE-2-2048x468.jpg 2048w, https:\/\/clerita.ee\/wp-content\/uploads\/2025\/09\/ET-Kaasrahastanud-Euroopa-Liit_PANTONE-2-18x4.jpg 18w\" sizes=\"auto, (max-width: 706px) 89vw, (max-width: 767px) 82vw, 740px\" \/><\/figure>\n\n\n\n<p class=\"wp-block-paragraph\"><\/p>\n\n\n\n<div class=\"wp-block-uagb-separator uagb-block-d596ed04 wp-block-uagb-separator--icon\"><div class=\"wp-block-uagb-separator__inner\" style=\"--my-background-image:\"><div class=\"wp-block-uagb-separator-element\"><svg xmlns=\"https:\/\/www.w3.org\/2000\/svg\" viewbox=\"0 0 512 512\"><path d=\"M256 512c141.4 0 256-114.6 256-256s-114.6-256-256-256C114.6 0 0 114.6 0 256S114.6 512 256 512zM129.2 265.9C131.7 259.9 137.5 256 144 256h64V160c0-17.67 14.33-32 32-32h32c17.67 0 32 14.33 32 32v96h64c6.469 0 12.31 3.891 14.78 9.875c2.484 5.984 1.109 12.86-3.469 17.44l-112 112c-6.248 6.248-16.38 6.248-22.62 0l-112-112C128.1 278.7 126.7 271.9 129.2 265.9z\"><\/path><\/svg><\/div><\/div><\/div>\n\n\n\n<p class=\"wp-block-paragraph\"><\/p>\n\n\n\n<p class=\"wp-block-paragraph\"><strong><strong><strong>Thematic seminar \u201cErasmus+ Small-Scale Partnerships (KA2): Inclusion &amp; Diversity Contact Making Seminar\u201d (Dublin, September 2025)<\/strong><\/strong><\/strong><br><br>An international contact-making seminar focused on promoting inclusion and diversity in small-scale Erasmus+ partnership projects. The event targeted professionals from schools, adult education, vocational education and training, and the youth sector \u2013 especially those with limited experience in KA2 projects. Participants had the opportunity to establish international connections, explore successful practices in inclusion, and take part in workshops supporting the development of high\nquality, inclusive project applications. The seminar emphasized knowledge exchange, cross-sectoral cooperation, and practical guidance to empower participants in shaping impactful Erasmus+ projects.<\/p>\n\n\n\n<div class=\"wp-block-group\"><div class=\"wp-block-group__inner-container is-layout-constrained wp-block-group-is-layout-constrained\">\n<div class=\"wp-block-columns is-layout-flex wp-container-core-columns-is-layout-8f761849 wp-block-columns-is-layout-flex\">\n<div class=\"wp-block-column is-layout-flow wp-block-column-is-layout-flow\">\n<figure class=\"wp-block-image size-large is-resized\"><img loading=\"lazy\" decoding=\"async\" width=\"1024\" height=\"768\" src=\"https:\/\/clerita.ee\/wp-content\/uploads\/2025\/09\/1758807006529-1024x768.jpg\" alt=\"\" class=\"wp-image-632\" style=\"width:258px;height:auto\" srcset=\"https:\/\/clerita.ee\/wp-content\/uploads\/2025\/09\/1758807006529-1024x768.jpg 1024w, https:\/\/clerita.ee\/wp-content\/uploads\/2025\/09\/1758807006529-300x225.jpg 300w, https:\/\/clerita.ee\/wp-content\/uploads\/2025\/09\/1758807006529-768x576.jpg 768w, https:\/\/clerita.ee\/wp-content\/uploads\/2025\/09\/1758807006529-1536x1152.jpg 1536w, https:\/\/clerita.ee\/wp-content\/uploads\/2025\/09\/1758807006529-2048x1536.jpg 2048w, https:\/\/clerita.ee\/wp-content\/uploads\/2025\/09\/1758807006529-16x12.jpg 16w\" sizes=\"auto, (max-width: 706px) 89vw, (max-width: 767px) 82vw, 740px\" \/><\/figure>\n<\/div>\n\n\n\n<div class=\"wp-block-column is-layout-flow wp-block-column-is-layout-flow\"><div class=\"wp-block-image\">\n<figure class=\"alignleft is-resized\"><img loading=\"lazy\" decoding=\"async\" width=\"768\" height=\"1024\" src=\"https:\/\/clerita.ee\/wp-content\/uploads\/2025\/09\/1758807006591-768x1024.jpg\" alt=\"\" class=\"wp-image-630\" style=\"width:190px;height:auto\" srcset=\"https:\/\/clerita.ee\/wp-content\/uploads\/2025\/09\/1758807006591-768x1024.jpg 768w, https:\/\/clerita.ee\/wp-content\/uploads\/2025\/09\/1758807006591-225x300.jpg 225w, https:\/\/clerita.ee\/wp-content\/uploads\/2025\/09\/1758807006591-1152x1536.jpg 1152w, https:\/\/clerita.ee\/wp-content\/uploads\/2025\/09\/1758807006591-1536x2048.jpg 1536w, https:\/\/clerita.ee\/wp-content\/uploads\/2025\/09\/1758807006591-9x12.jpg 9w, https:\/\/clerita.ee\/wp-content\/uploads\/2025\/09\/1758807006591-scaled.jpg 1920w\" sizes=\"auto, (max-width: 706px) 89vw, (max-width: 767px) 82vw, 740px\" \/><\/figure>\n<\/div><\/div>\n<\/div>\n\n\n\n<p class=\"wp-block-paragraph\"><\/p>\n\n\n\n<figure class=\"wp-block-image size-large is-resized\"><img loading=\"lazy\" decoding=\"async\" width=\"1024\" height=\"234\" src=\"https:\/\/clerita.ee\/wp-content\/uploads\/2025\/09\/ET-Kaasrahastanud-Euroopa-Liit_PANTONE-2-1024x234.jpg\" alt=\"\" class=\"wp-image-637\" style=\"aspect-ratio:4.376268951878708;width:314px;height:auto\" srcset=\"https:\/\/clerita.ee\/wp-content\/uploads\/2025\/09\/ET-Kaasrahastanud-Euroopa-Liit_PANTONE-2-1024x234.jpg 1024w, https:\/\/clerita.ee\/wp-content\/uploads\/2025\/09\/ET-Kaasrahastanud-Euroopa-Liit_PANTONE-2-300x69.jpg 300w, https:\/\/clerita.ee\/wp-content\/uploads\/2025\/09\/ET-Kaasrahastanud-Euroopa-Liit_PANTONE-2-768x176.jpg 768w, https:\/\/clerita.ee\/wp-content\/uploads\/2025\/09\/ET-Kaasrahastanud-Euroopa-Liit_PANTONE-2-1536x351.jpg 1536w, https:\/\/clerita.ee\/wp-content\/uploads\/2025\/09\/ET-Kaasrahastanud-Euroopa-Liit_PANTONE-2-2048x468.jpg 2048w, https:\/\/clerita.ee\/wp-content\/uploads\/2025\/09\/ET-Kaasrahastanud-Euroopa-Liit_PANTONE-2-18x4.jpg 18w\" sizes=\"auto, (max-width: 706px) 89vw, (max-width: 767px) 82vw, 740px\" \/><\/figure>\n\n\n\n<div class=\"wp-block-uagb-separator uagb-block-13314352 wp-block-uagb-separator--icon\"><div class=\"wp-block-uagb-separator__inner\" style=\"--my-background-image:\"><div class=\"wp-block-uagb-separator-element\"><svg xmlns=\"https:\/\/www.w3.org\/2000\/svg\" viewbox=\"0 0 512 512\"><path d=\"M256 512c141.4 0 256-114.6 256-256s-114.6-256-256-256C114.6 0 0 114.6 0 256S114.6 512 256 512zM129.2 265.9C131.7 259.9 137.5 256 144 256h64V160c0-17.67 14.33-32 32-32h32c17.67 0 32 14.33 32 32v96h64c6.469 0 12.31 3.891 14.78 9.875c2.484 5.984 1.109 12.86-3.469 17.44l-112 112c-6.248 6.248-16.38 6.248-22.62 0l-112-112C128.1 278.7 126.7 271.9 129.2 265.9z\"><\/path><\/svg><\/div><\/div><\/div>\n\n\n\n<div class=\"wp-block-columns are-vertically-aligned-center is-layout-flex wp-container-core-columns-is-layout-8f761849 wp-block-columns-is-layout-flex\">\n<div class=\"wp-block-column is-layout-flow wp-block-column-is-layout-flow\" style=\"flex-basis:100%\">\n<p class=\"wp-block-paragraph\"><\/p>\n\n\n\n<p class=\"wp-block-paragraph translation-block\">Erasmus+ thematic seminar\"Strengthening EU Values through Digital Participation\" (Riga, October 2025)<\/p>\n<\/div>\n<\/div>\n\n\n\n<p class=\"wp-block-paragraph\">The seminar brought together representatives from various education sectors from 23 countries to discuss topics such as civic participation, European identity, democratic values, and digital inclusion. It also focused on networking and sharing experiences, where through discussions, workshops, and networking activities, participants gained new ideas and practical insights on how to strengthen EU values and digital participation in their respective fields and future Erasmus+ projects.<\/p>\n<\/div><\/div>\n\n\n\n<figure class=\"wp-block-gallery has-nested-images columns-default is-cropped wp-block-gallery-2 is-layout-flex wp-block-gallery-is-layout-flex\">\n<figure class=\"wp-block-image size-large is-resized\"><img loading=\"lazy\" decoding=\"async\" width=\"1024\" height=\"768\" data-id=\"774\" src=\"https:\/\/clerita.ee\/wp-content\/uploads\/2025\/10\/IMG_20251029_084105_1-1024x768.jpg\" alt=\"\" class=\"wp-image-774\" style=\"width:255px;height:auto\" srcset=\"https:\/\/clerita.ee\/wp-content\/uploads\/2025\/10\/IMG_20251029_084105_1-1024x768.jpg 1024w, https:\/\/clerita.ee\/wp-content\/uploads\/2025\/10\/IMG_20251029_084105_1-300x225.jpg 300w, https:\/\/clerita.ee\/wp-content\/uploads\/2025\/10\/IMG_20251029_084105_1-768x576.jpg 768w, https:\/\/clerita.ee\/wp-content\/uploads\/2025\/10\/IMG_20251029_084105_1-1536x1152.jpg 1536w, https:\/\/clerita.ee\/wp-content\/uploads\/2025\/10\/IMG_20251029_084105_1-2048x1536.jpg 2048w, https:\/\/clerita.ee\/wp-content\/uploads\/2025\/10\/IMG_20251029_084105_1-16x12.jpg 16w\" sizes=\"auto, (max-width: 706px) 89vw, (max-width: 767px) 82vw, 740px\" \/><\/figure>\n<\/figure>\n\n\n\n<figure class=\"wp-block-image size-large is-resized\"><img loading=\"lazy\" decoding=\"async\" width=\"1024\" height=\"234\" src=\"https:\/\/clerita.ee\/wp-content\/uploads\/2025\/09\/ET-Kaasrahastanud-Euroopa-Liit_PANTONE-2-1024x234.jpg\" alt=\"\" class=\"wp-image-637\" style=\"aspect-ratio:4.376623376623376;width:309px;height:auto\" srcset=\"https:\/\/clerita.ee\/wp-content\/uploads\/2025\/09\/ET-Kaasrahastanud-Euroopa-Liit_PANTONE-2-1024x234.jpg 1024w, https:\/\/clerita.ee\/wp-content\/uploads\/2025\/09\/ET-Kaasrahastanud-Euroopa-Liit_PANTONE-2-300x69.jpg 300w, https:\/\/clerita.ee\/wp-content\/uploads\/2025\/09\/ET-Kaasrahastanud-Euroopa-Liit_PANTONE-2-768x176.jpg 768w, https:\/\/clerita.ee\/wp-content\/uploads\/2025\/09\/ET-Kaasrahastanud-Euroopa-Liit_PANTONE-2-1536x351.jpg 1536w, https:\/\/clerita.ee\/wp-content\/uploads\/2025\/09\/ET-Kaasrahastanud-Euroopa-Liit_PANTONE-2-2048x468.jpg 2048w, https:\/\/clerita.ee\/wp-content\/uploads\/2025\/09\/ET-Kaasrahastanud-Euroopa-Liit_PANTONE-2-18x4.jpg 18w\" sizes=\"auto, (max-width: 706px) 89vw, (max-width: 767px) 82vw, 740px\" \/><\/figure>\n\n\n\n<p class=\"wp-block-paragraph\"><\/p>","protected":false},"excerpt":{"rendered":"<p>Erasmus+ teematiline seminar \u201cActive Bodies=Active Minds\u201d (Vilnius, september 2025) Rahvusvaheline seminar, mille fookuses oli kehalise aktiivsuse integreerimine \u00f5ppeprotsessi. Seminari eesm\u00e4rk oli t\u00f5sta teadlikkust liikumise positiivsest m\u00f5just \u00f5ppimisele, jagada h\u00e4id praktikaid ning edendada rahvusvahelist koost\u00f6\u00f6d Erasmus+ raames. \u00dcrituse raames loodi uusi kontakte, uuriti liikumist toetavaid \u00f5petamismeetodeid ning osaleti ka \u00fchis\u00fcritusel Erasmus+ Run(5 km), Vilniuse maratoni raames. &hellip; <\/p>\n<p class=\"link-more\"><a href=\"https:\/\/clerita.ee\/en\/rahvusvahelised-kogemused-ja-projektitoo\/\" class=\"more-link\">Continue reading<span class=\"screen-reader-text\"> &#8220;Rahvusvahelised kogemused ja projektit\u00f6\u00f6&#8221;<\/span><\/a><\/p>","protected":false},"author":1,"featured_media":0,"parent":0,"menu_order":0,"comment_status":"closed","ping_status":"closed","template":"","meta":{"_uag_custom_page_level_css":"","footnotes":""},"class_list":["post-492","page","type-page","status-publish","hentry"],"uagb_featured_image_src":{"full":false,"thumbnail":false,"medium":false,"medium_large":false,"large":false,"1536x1536":false,"2048x2048":false,"trp-custom-language-flag":false,"twentyseventeen-featured-image":false,"twentyseventeen-thumbnail-avatar":false},"uagb_author_info":{"display_name":"KatJA","author_link":"https:\/\/clerita.ee\/en\/author\/katja\/"},"uagb_comment_info":0,"uagb_excerpt":"Erasmus+ teematiline seminar \u201cActive Bodies=Active Minds\u201d (Vilnius, september 2025) Rahvusvaheline seminar, mille fookuses oli kehalise aktiivsuse integreerimine \u00f5ppeprotsessi. Seminari eesm\u00e4rk oli t\u00f5sta teadlikkust liikumise positiivsest m\u00f5just \u00f5ppimisele, jagada h\u00e4id praktikaid ning edendada rahvusvahelist koost\u00f6\u00f6d Erasmus+ raames. \u00dcrituse raames loodi uusi kontakte, uuriti liikumist toetavaid \u00f5petamismeetodeid ning osaleti ka \u00fchis\u00fcritusel Erasmus+ Run(5 km), Vilniuse maratoni raames.&hellip;","_links":{"self":[{"href":"https:\/\/clerita.ee\/en\/wp-json\/wp\/v2\/pages\/492","targetHints":{"allow":["GET"]}}],"collection":[{"href":"https:\/\/clerita.ee\/en\/wp-json\/wp\/v2\/pages"}],"about":[{"href":"https:\/\/clerita.ee\/en\/wp-json\/wp\/v2\/types\/page"}],"author":[{"embeddable":true,"href":"https:\/\/clerita.ee\/en\/wp-json\/wp\/v2\/users\/1"}],"replies":[{"embeddable":true,"href":"https:\/\/clerita.ee\/en\/wp-json\/wp\/v2\/comments?post=492"}],"version-history":[{"count":5,"href":"https:\/\/clerita.ee\/en\/wp-json\/wp\/v2\/pages\/492\/revisions"}],"predecessor-version":[{"id":1270,"href":"https:\/\/clerita.ee\/en\/wp-json\/wp\/v2\/pages\/492\/revisions\/1270"}],"wp:attachment":[{"href":"https:\/\/clerita.ee\/en\/wp-json\/wp\/v2\/media?parent=492"}],"curies":[{"name":"wp","href":"https:\/\/api.w.org\/{rel}","templated":true}]}}